{"id":297,"date":"2015-09-01T20:15:28","date_gmt":"2015-09-01T20:15:28","guid":{"rendered":"http:\/\/www.paralelo40.es\/?page_id=297"},"modified":"2015-09-01T20:15:28","modified_gmt":"2015-09-01T20:15:28","slug":"entidades-adheridas-2","status":"publish","type":"page","link":"http:\/\/paralelo40.es\/en\/entidades-adheridas-2\/","title":{"rendered":"ENTIDADES ADHERIDAS"},"content":{"rendered":"[vc_row type=&#8221;full_width_content&#8221; bg_image=&#8221;209&#8243; bg_position=&#8221;center center&#8221; bg_repeat=&#8221;no-repeat&#8221; parallax_bg=&#8221;true&#8221; scene_position=&#8221;center&#8221; text_color=&#8221;light&#8221; text_align=&#8221;center&#8221;][vc_column width=&#8221;1\/1&#8243; animation=&#8221;none&#8221; column_padding=&#8221;padding-10-percent&#8221; column_padding_position=&#8221;all&#8221; background_color_opacity=&#8221;0.5&#8243; background_color=&#8221;#20656d&#8221;][vc_column_text]\n<h2>Entidades adheridas que tienen como objetivo la defensa y promoci\u00f3n de un estilo de vida saludable.<\/h2>\n[\/vc_column_text][\/vc_column][\/vc_row][vc_row type=&#8221;full_width_content&#8221; bg_position=&#8221;center top&#8221; bg_repeat=&#8221;no-repeat&#8221; scene_position=&#8221;center&#8221; text_color=&#8221;custom&#8221; text_align=&#8221;center&#8221; background_image_mobile_hidden=&#8221;true&#8221; bg_image=&#8221;61&#8243; custom_text_color=&#8221;#4ffff3&#8243;][vc_column width=&#8221;1\/1&#8243; font_color=&#8221;#ffffff&#8221; animation=&#8221;fade-in-from-right&#8221; centered_text=&#8221;true&#8221; column_padding=&#8221;padding-5-percent&#8221; column_padding_position=&#8221;all&#8221; background_color=&#8221;#43d8bf&#8221; background_color_opacity=&#8221;0.8&#8243; delay=&#8221;0&#8243;][vc_column_text]\n<h3 class=\"p1\"><span class=\"s1\" style=\"color: #ccffff;\"><a style=\"color: #ccffff;\" href=\"http:\/\/www.predimed.es\/\">Red Predimed<\/a><\/span><\/h3>\n<h3 class=\"p1\"><span class=\"s1\" style=\"color: #ccffff;\"><a style=\"color: #ccffff;\" href=\"http:\/\/www.triptolemos.org\/\">Fundaci\u00f3n Triptolemos<\/a><\/span><\/h3>\n<h3 class=\"p1\"><span class=\"s1\" style=\"color: #ccffff;\"><a style=\"color: #ccffff;\" href=\"http:\/\/www.fivin.com\/\">Fundaci\u00f3n para la Investigaci\u00f3n del Vino y la Nutrici\u00f3n (FIVIN)<\/a><\/span><\/h3>\n<h3 class=\"p1\"><span class=\"s1\" style=\"color: #ccffff;\"><a style=\"color: #ccffff;\" href=\"http:\/\/www.wineinmoderation.eu\">Organizaci\u00f3n Wine in Moderation<\/a><\/span><\/h3>\n<h3 class=\"p1\"><span class=\"s1\" style=\"color: #ccffff;\"><a style=\"color: #ccffff;\" href=\"http:\/\/www.fev.es\/v_portal\/apartados\/apartado.asp\">Federaci\u00f3n Espa\u00f1ola del Vino<\/a><\/span><\/h3>\n<h3 class=\"p1\"><span class=\"s1\" style=\"color: #ccffff;\"><a style=\"color: #ccffff;\" href=\"http:\/\/www.5aldia.es\/es\/\">Campa\u00f1a 5 al d\u00eda (Mercabarna)<\/a><\/span><\/h3>\n<h3 class=\"p1\"><span class=\"s1\" style=\"color: #ccffff;\"><a style=\"color: #ccffff;\" href=\"http:\/\/www.iamz.ciheam.org\/es\/\">International Centre for Advanced Mediterranean Agronomic Studies (CIHEAM)<\/a><\/span><\/h3>\n<h3 class=\"p1\"><span style=\"color: #ccffff;\"><a style=\"color: #ccffff;\" href=\"http:\/\/www.ascame.org\/\"><span class=\"s1\">Asociaci\u00f3n de C\u00e1maras de Comercio del Mediterr\u00e1neo (ASCAME)<\/span><\/a><\/span><\/h3>\n<h3 class=\"p1\"><span class=\"s1\" style=\"color: #ccffff;\"><a style=\"color: #ccffff;\" href=\"http:\/\/www.avinicolacatalana.cat\/index.php\/ca\/\">Asociaci\u00f3n Vin\u00edcola Catalana (AVC)<\/a><\/span><\/h3>\n<h3 class=\"p1\"><span class=\"s1\" style=\"color: #ccffff;\"><a style=\"color: #ccffff;\" href=\"http:\/\/www.tauladelsenia.org\/\">Mancomunitat Taula del S\u00e9nia<\/a><\/span><\/h3>\n<h3 class=\"p1\"><span class=\"s1\" style=\"color: #ccffff;\"><a style=\"color: #ccffff;\" href=\"http:\/\/www.cett.es\/\">CETT, Escuela de Turismo y Hosteler\u00eda<\/a><\/span><\/h3>\n<h3 class=\"p1\"><span class=\"s1\" style=\"color: #ccffff;\"><a style=\"color: #ccffff;\" href=\"http:\/\/www.institutdelcava.com\/\">Institut del Cava<\/a><\/span><\/h3>\n<h3 class=\"p1\"><span class=\"s1\" style=\"color: #ccffff;\"><a style=\"color: #ccffff;\" href=\"http:\/\/codinucat.cat\/\">CODINUCAT (Col\u00b7legi de Dietistes-nutricionistes de Catalunya)<\/a><\/span><\/h3>\n[\/vc_column_text][\/vc_column][\/vc_row][vc_row type=&#8221;full_width_background&#8221; bg_position=&#8221;center top&#8221; bg_repeat=&#8221;no-repeat&#8221; scene_position=&#8221;center&#8221; text_color=&#8221;light&#8221; text_align=&#8221;center&#8221; background_image_mobile_hidden=&#8221;true&#8221; bg_color=&#8221;#ffffff&#8221;][vc_column width=&#8221;1\/1&#8243; font_color=&#8221;#ffffff&#8221; animation=&#8221;fade-in-from-right&#8221; centered_text=&#8221;true&#8221; column_padding=&#8221;padding-5-percent&#8221; column_padding_position=&#8221;all&#8221; background_color_opacity=&#8221;0.8&#8243; delay=&#8221;0&#8243;][vc_column_text]<img loading=\"lazy\" class=\"aligncenter wp-image-250 size-full\" src=\"http:\/\/www.paralelo40.es\/wp-content\/uploads\/entidades.jpg\" alt=\"entidades\" width=\"1024\" height=\"539\" srcset=\"http:\/\/paralelo40.es\/wp-content\/uploads\/entidades.jpg 1024w, http:\/\/paralelo40.es\/wp-content\/uploads\/entidades-300x158.jpg 300w\" sizes=\"(max-width: 1024px) 100vw, 1024px\" \/>[\/vc_column_text][\/vc_column][\/vc_row]\n","protected":false},"excerpt":{"rendered":"<p>[vc_row type=&#8221;full_width_content&#8221; bg_image=&#8221;209&#8243; bg_position=&#8221;center center&#8221; bg_repeat=&#8221;no-repeat&#8221; parallax_bg=&#8221;true&#8221; scene_position=&#8221;center&#8221; text_color=&#8221;light&#8221; text_align=&#8221;center&#8221;][vc_column width=&#8221;1\/1&#8243; animation=&#8221;none&#8221; column_padding=&#8221;padding-10-percent&#8221; column_padding_position=&#8221;all&#8221; background_color_opacity=&#8221;0.5&#8243; background_color=&#8221;#20656d&#8221;][vc_column_text] Entidades adheridas que tienen como objetivo la defensa y promoci\u00f3n de un estilo de vida saludable. [\/vc_column_text][\/vc_column][\/vc_row][vc_row type=&#8221;full_width_content&#8221; bg_position=&#8221;center top&#8221; bg_repeat=&#8221;no-repeat&#8221; scene_position=&#8221;center&#8221; text_color=&#8221;custom&#8221; text_align=&#8221;center&#8221; background_image_mobile_hidden=&#8221;true&#8221; bg_image=&#8221;61&#8243; custom_text_color=&#8221;#4ffff3&#8243;][vc_column width=&#8221;1\/1&#8243; font_color=&#8221;#ffffff&#8221; animation=&#8221;fade-in-from-right&#8221; centered_text=&#8221;true&#8221; column_padding=&#8221;padding-5-percent&#8221; column_padding_position=&#8221;all&#8221; background_color=&#8221;#43d8bf&#8221; background_color_opacity=&#8221;0.8&#8243; delay=&#8221;0&#8243;][vc_column_text] Red Predimed Fundaci\u00f3n Triptolemos Fundaci\u00f3n para la Investigaci\u00f3n del Vino y la Nutrici\u00f3n (FIVIN) Organizaci\u00f3n Wine in Moderation Federaci\u00f3n Espa\u00f1ola del Vino Campa\u00f1a 5 al d\u00eda (Mercabarna) International&#8230;<\/p>\n","protected":false},"author":2,"featured_media":0,"parent":0,"menu_order":0,"comment_status":"closed","ping_status":"closed","template":"","meta":[],"_links":{"self":[{"href":"http:\/\/paralelo40.es\/en\/wp-json\/wp\/v2\/pages\/297\/"}],"collection":[{"href":"http:\/\/paralelo40.es\/en\/wp-json\/wp\/v2\/pages\/"}],"about":[{"href":"http:\/\/paralelo40.es\/en\/wp-json\/wp\/v2\/types\/page\/"}],"author":[{"embeddable":true,"href":"http:\/\/paralelo40.es\/en\/wp-json\/wp\/v2\/users\/2\/"}],"replies":[{"embeddable":true,"href":"http:\/\/paralelo40.es\/en\/wp-json\/wp\/v2\/comments\/?post=297"}],"version-history":[{"count":1,"href":"http:\/\/paralelo40.es\/en\/wp-json\/wp\/v2\/pages\/297\/revisions\/"}],"predecessor-version":[{"id":300,"href":"http:\/\/paralelo40.es\/en\/wp-json\/wp\/v2\/pages\/297\/revisions\/300\/"}],"wp:attachment":[{"href":"http:\/\/paralelo40.es\/en\/wp-json\/wp\/v2\/media\/?parent=297"}],"curies":[{"name":"wp","href":"https:\/\/api.w.org\/{rel}","templated":true}]}}